{"id":43386,"date":"2025-02-16T23:06:42","date_gmt":"2025-02-16T23:06:42","guid":{"rendered":"https:\/\/dcasainmobiliaria.com\/?post_type=property&#038;p=43386"},"modified":"2025-02-16T23:56:05","modified_gmt":"2025-02-16T23:56:05","slug":"c-370-casa-de-venta-racar-4-dormitorios-2-garajes-y-areas-verdes","status":"publish","type":"property","link":"https:\/\/dcasainmobiliaria.com\/index.php\/property\/c-370-casa-de-venta-racar-4-dormitorios-2-garajes-y-areas-verdes\/","title":{"rendered":"C-371) Casa de Venta \u2013 Racar \u2013 4 dormitorios, 2 garajes y \u00e1reas verdes"},"content":{"rendered":"<p>C-371) Casa de Venta \u2013 Racar \u20134 dormitorios, 2 garajes y \u00e1reas verdes<\/p>\n<p><strong>Precio: $138.000,00\u00a0<\/strong><\/p>\n<p><strong><em><img decoding=\"async\" src=\"https:\/\/static.xx.fbcdn.net\/images\/emoji.php\/v9\/t1b\/1\/16\/1f53a.png\" alt=\"\ud83d\udd3a\" \/>Dimensiones:<\/em><\/strong><\/p>\n<p>\u2013 285 m2*Construcci\u00f3n<br \/>\n\u2013 300 m2* Terreno<\/p>\n<p><strong><em><img decoding=\"async\" src=\"https:\/\/static.xx.fbcdn.net\/images\/emoji.php\/v9\/t1b\/1\/16\/1f53a.png\" alt=\"\ud83d\udd3a\" \/>Distribuci\u00f3n:<\/em><\/strong><\/p>\n<p><em>\u2705<strong>\u00a0Primera Planta:<\/strong><\/em><br \/>\n\u2013 Sala, Comedor, Cocina y Desayunador<br \/>\n\u2013 Estudio, cuarto de servicio<br \/>\n\u2013 Lavander\u00eda, Patio, \u00e1rea verde<br \/>\n\u2013 1 ba\u00f1o social<br \/>\n\u2013 2 garajes<\/p>\n<p><em>\u2705<strong>\u00a0Segunda Planta:<\/strong><\/em><\/p>\n<p>\u2013 1 dormitorio con ba\u00f1o y vestidor<br \/>\n\u2013 3 dormitorios<br \/>\n\u2013 1 ba\u00f1o completo<\/p>\n<p><strong>FINANCIAMIENTO:<\/strong><\/p>\n<p><span class=\"pq6dq46d tbxw36s4 knj5qynh kvgmc6g5 ditlmg2l oygrvhab nvdbi5me sf5mxxl7 gl3lb2sf hhz5lgdu\"><img decoding=\"async\" src=\"https:\/\/static.xx.fbcdn.net\/images\/emoji.php\/v9\/t1b\/1\/16\/1f53a.png\" alt=\"\ud83d\udd3a\" width=\"16\" height=\"16\" \/>\u00a0\u201330<\/span>% Entrada<br \/>\n<span class=\"pq6dq46d tbxw36s4 knj5qynh kvgmc6g5 ditlmg2l oygrvhab nvdbi5me sf5mxxl7 gl3lb2sf hhz5lgdu\"><img decoding=\"async\" src=\"https:\/\/static.xx.fbcdn.net\/images\/emoji.php\/v9\/t1b\/1\/16\/1f53a.png\" alt=\"\ud83d\udd3a\" width=\"16\" height=\"16\" \/>\u00a0\u201370<\/span>% con Cr\u00e9dito Hipotecario a 20 a\u00f1os, con cualquier instituci\u00f3n de su preferencia<br \/>\n<span class=\"pq6dq46d tbxw36s4 knj5qynh kvgmc6g5 ditlmg2l oygrvhab nvdbi5me sf5mxxl7 gl3lb2sf hhz5lgdu\"><img decoding=\"async\" src=\"https:\/\/static.xx.fbcdn.net\/images\/emoji.php\/v9\/t1b\/1\/16\/1f53a.png\" alt=\"\ud83d\udd3a\" width=\"16\" height=\"16\" \/>\u00a0<\/span>\u2013 Con el BIESS, Bancos y Mutualistas.<\/p>\n<div dir=\"auto\"><span class=\"x3nfvp2 x1j61x8r x1fcty0u xdj266r xhhsvwb xat24cr xgzva0m xxymvpz xlup9mm x1kky2od\"><img decoding=\"async\" class=\"xz74otr\" src=\"https:\/\/static.xx.fbcdn.net\/images\/emoji.php\/v9\/t34\/1\/16\/23f0.png\" alt=\"\u23f0\" width=\"16\" height=\"16\" \/><\/span>Agende una cita para conocer la propiedad.<\/div>\n<div dir=\"auto\">\ufe0f\ufe0f<span class=\"x3nfvp2 x1j61x8r x1fcty0u xdj266r xhhsvwb xat24cr xgzva0m xxymvpz xlup9mm x1kky2od\"><img decoding=\"async\" class=\"xz74otr\" src=\"https:\/\/static.xx.fbcdn.net\/images\/emoji.php\/v9\/td8\/1\/16\/1f4f2.png\" alt=\"\ud83d\udcf2\" width=\"16\" height=\"16\" \/><\/span>\u00a0099 \u2013 869 \u2013 4960<\/div>\n<div dir=\"auto\"><span class=\"x3nfvp2 x1j61x8r x1fcty0u xdj266r xhhsvwb xat24cr xgzva0m xxymvpz xlup9mm x1kky2od\"><img decoding=\"async\" class=\"xz74otr\" src=\"https:\/\/static.xx.fbcdn.net\/images\/emoji.php\/v9\/td8\/1\/16\/1f4f2.png\" alt=\"\ud83d\udcf2\" width=\"16\" height=\"16\" \/><\/span>\u00a0099 \u2013 861 \u2013 4186<\/div>\n<div dir=\"auto\">Oficinas: Los \u00c1lamos y Ord\u00f3\u00f1ez Lasso esquina. (Edificio Escand\u00f3n)<\/div>\n<div dir=\"auto\"><span class=\"x3nfvp2 x1j61x8r x1fcty0u xdj266r xhhsvwb xat24cr xgzva0m xxymvpz xlup9mm x1kky2od\"><img loading=\"lazy\" decoding=\"async\" class=\"xz74otr\" src=\"https:\/\/static.xx.fbcdn.net\/images\/emoji.php\/v9\/taa\/1\/16\/1f310.png\" alt=\"\ud83c\udf10\" width=\"16\" height=\"16\" \/><\/span>\u00a0<a class=\"x1i10hfl xjbqb8w x6umtig x1b1mbwd xaqea5y xav7gou x9f619 x1ypdohk xt0psk2 xe8uvvx xdj266r x11i5rnm xat24cr x1mh8g0r xexx8yu x4uap5 x18d9i69 xkhd6sd x16tdsg8 x1hl2dhg xggy1nq x1a2a7pz xt0b8zv x1fey0fg\" tabindex=\"0\" role=\"link\" href=\"https:\/\/l.facebook.com\/l.php?u=https%3A%2F%2Fdcasainmobiliaria.com%2F%3Ffbclid%3DIwAR11O8bXnwEXXwIAQJECDlAhwaBVxjSlCb1XRyzZiH2Id_SoflQyhlteB9I&amp;h=AT38zdmMF1udaZyF6lNRDLj7GIqFG1_eygYU0_2n6z85V-dFte3hI8A55DjQQ-qcEF_SVaYyjMHfNatkgL6bEeEOdc_g7V_MqrMaCVg3mOoPc7f0e3AbDopJpqzno8p0pU67&amp;__tn__=-UK-R&amp;c[0]=AT2_HJ2bJfTef_BQWadA7Q1U8YY7GGNxOT47I4ie-rfK9NaoK7DDcFRqx_34tJICmaSyxb2Xl0CCdg5TMkBLx6sn7vJW96prf_lXLSgXpiYPX7XnvxBrA-sL9YndBhTH1dUVu_Atj6eQJm_ngek0LP4DG0sJ5TxlmhYqzJAQ87qHZX7TjIs\" target=\"_blank\" rel=\"nofollow noopener noreferrer\">www.dcasainmobiliaria.com<\/a><\/div>\n","protected":false},"excerpt":{"rendered":"<p>C-371) Casa de Venta \u2013 Racar \u20134 dormitorios, 2 garajes y \u00e1reas verdes Precio: $138.000,00\u00a0 Dimensiones: \u2013 285 m2*Construcci\u00f3n \u2013 300 m2* Terreno Distribuci\u00f3n: \u2705\u00a0Primera Planta: \u2013 Sala, Comedor, Cocina y Desayunador \u2013 Estudio, cuarto de servicio \u2013 Lavander\u00eda, Patio, \u00e1rea verde \u2013 1 ba\u00f1o social \u2013 2 garajes \u2705\u00a0Segunda Planta: \u2013 1 dormitorio con [&hellip;]<\/p>\n","protected":false},"author":1,"featured_media":43390,"parent":0,"menu_order":0,"template":"","property_type":[51],"property_status":[21],"property_feature":[99,100,102,341,26,120,306,186,101],"property_label":[64,176],"property_city":[37,153],"property_area":[76,364],"property_state":[65],"class_list":["post-43386","property","type-property","status-publish","has-post-thumbnail","hentry","property_type-casas","property_status-venta","property_feature-agua-potable","property_feature-alcantarillado","property_feature-alumbrado-publico","property_feature-areas-verdes","property_feature-lavanderia","property_feature-patio","property_feature-sector-comercial","property_feature-sector-residencial","property_feature-veredas","property_label-de-oportunidad","property_label-full-obras","property_city-cuenca","property_city-parroquia-sayausi","property_area-cuenca-sur-oeste","property_area-mall-de-racar","property_state-azuay"],"_links":{"self":[{"href":"https:\/\/dcasainmobiliaria.com\/index.php\/wp-json\/wp\/v2\/properties\/43386","targetHints":{"allow":["GET"]}}],"collection":[{"href":"https:\/\/dcasainmobiliaria.com\/index.php\/wp-json\/wp\/v2\/properties"}],"about":[{"href":"https:\/\/dcasainmobiliaria.com\/index.php\/wp-json\/wp\/v2\/types\/property"}],"author":[{"embeddable":true,"href":"https:\/\/dcasainmobiliaria.com\/index.php\/wp-json\/wp\/v2\/users\/1"}],"version-history":[{"count":2,"href":"https:\/\/dcasainmobiliaria.com\/index.php\/wp-json\/wp\/v2\/properties\/43386\/revisions"}],"predecessor-version":[{"id":43456,"href":"https:\/\/dcasainmobiliaria.com\/index.php\/wp-json\/wp\/v2\/properties\/43386\/revisions\/43456"}],"wp:featuredmedia":[{"embeddable":true,"href":"https:\/\/dcasainmobiliaria.com\/index.php\/wp-json\/wp\/v2\/media\/43390"}],"wp:attachment":[{"href":"https:\/\/dcasainmobiliaria.com\/index.php\/wp-json\/wp\/v2\/media?parent=43386"}],"wp:term":[{"taxonomy":"property_type","embeddable":true,"href":"https:\/\/dcasainmobiliaria.com\/index.php\/wp-json\/wp\/v2\/property_type?post=43386"},{"taxonomy":"property_status","embeddable":true,"href":"https:\/\/dcasainmobiliaria.com\/index.php\/wp-json\/wp\/v2\/property_status?post=43386"},{"taxonomy":"property_feature","embeddable":true,"href":"https:\/\/dcasainmobiliaria.com\/index.php\/wp-json\/wp\/v2\/property_feature?post=43386"},{"taxonomy":"property_label","embeddable":true,"href":"https:\/\/dcasainmobiliaria.com\/index.php\/wp-json\/wp\/v2\/property_label?post=43386"},{"taxonomy":"property_city","embeddable":true,"href":"https:\/\/dcasainmobiliaria.com\/index.php\/wp-json\/wp\/v2\/property_city?post=43386"},{"taxonomy":"property_area","embeddable":true,"href":"https:\/\/dcasainmobiliaria.com\/index.php\/wp-json\/wp\/v2\/property_area?post=43386"},{"taxonomy":"property_state","embeddable":true,"href":"https:\/\/dcasainmobiliaria.com\/index.php\/wp-json\/wp\/v2\/property_state?post=43386"}],"curies":[{"name":"wp","href":"https:\/\/api.w.org\/{rel}","templated":true}]}}