{"id":55753,"date":"2026-09-01T21:23:30","date_gmt":"2026-09-02T02:23:30","guid":{"rendered":"https:\/\/dcasainmobiliaria.com\/?post_type=property&#038;p=55753"},"modified":"2026-09-01T21:23:30","modified_gmt":"2026-09-02T02:23:30","slug":"casa-por-estrenar-en-arriendo-sector-el-tejar-cuenca","status":"publish","type":"property","link":"https:\/\/dcasainmobiliaria.com\/index.php\/property\/casa-por-estrenar-en-arriendo-sector-el-tejar-cuenca\/","title":{"rendered":"CASA POR ESTRENAR EN ARRIENDO \u2013 SECTOR EL TEJAR, CUENCA"},"content":{"rendered":"<div class=\"qMYqUG_convSearchResultHighlightRoot\">\n<div class=\"\" data-turn-id-container=\"request-WEB:c1c276dd-8039-4453-ac9d-39caadbf9363-13\" data-is-intersecting=\"true\">\n<section class=\"text-token-text-primary w-full focus:outline-none has-data-writing-block:pointer-events-none [&amp;:has([data-writing-block])&gt;*]:pointer-events-auto R6Vx5W_threadScrollVars scroll-mb-[calc(var(--scroll-root-safe-area-inset-bottom,0px)+var(--thread-response-height))] scroll-mt-[calc(var(--header-height)+min(200px,max(70px,20svh)))]\" dir=\"auto\" data-turn-id=\"request-WEB:c1c276dd-8039-4453-ac9d-39caadbf9363-13\" data-turn-id-container=\"request-WEB:c1c276dd-8039-4453-ac9d-39caadbf9363-13\" data-testid=\"conversation-turn-24\" data-turn=\"assistant\">\n<div class=\"text-base my-auto mx-auto pb-8 [--thread-content-margin:var(--thread-content-margin-xs,calc(var(--spacing)*4))] @w-sm\/main:[--thread-content-margin:var(--thread-content-margin-sm,calc(var(--spacing)*6))] @w-lg\/main:[--thread-content-margin:var(--thread-content-margin-lg,calc(var(--spacing)*16))] px-(--thread-content-margin)\">\n<div class=\"[--thread-content-max-width:40rem] @w-lg\/main:[--thread-content-max-width:48rem] mx-auto max-w-(--thread-content-max-width) flex-1 group\/turn-messages focus-visible:outline-hidden @[53.5rem]\/main:[--thread-content-max-width:48rem] relative flex w-full min-w-0 flex-col agent-turn\" data-conversation-screenshot-content=\"\">\n<div class=\"flex max-w-full flex-col gap-4 grow\">\n<div class=\"min-h-8 text-message relative flex w-full flex-col items-end gap-2 text-start break-words whitespace-normal outline-none keyboard-focused:focus-ring [.text-message+&amp;]:mt-1\" dir=\"auto\" tabindex=\"0\" data-message-author-role=\"assistant\" data-message-id=\"b2ad27d0-fb66-5f5b-9a25-472834dcfaa2\" data-turn-start-message=\"true\" data-message-model-slug=\"gpt-5.6-sol-wm\">\n<div class=\"flex w-full flex-col gap-1 empty:hidden\">\n<div class=\"markdown prose dark:prose-invert wrap-break-word w-full light markdown-new-styling\">\n<h1 class=\"PDq2pG_selectionAnchorContainer\" data-section-id=\"12nbuul\" data-start=\"0\" data-end=\"57\">CASA POR ESTRENAR EN ARRIENDO \u2013 SECTOR EL TEJAR, CUENCA<\/h1>\n<h2 data-section-id=\"j8kxf9\" data-start=\"59\" data-end=\"84\">PRECIO: $575 MENSUALES<\/h2>\n<p data-start=\"86\" data-end=\"151\"><strong data-start=\"86\" data-end=\"151\">Contrato m\u00ednimo de 1 a\u00f1o | Garant\u00eda del mismo valor del canon<\/strong><\/p>\n<p data-start=\"153\" data-end=\"312\">Moderna casa por estrenar, equipada con cortinas, l\u00e1mparas y excelentes acabados. Ideal para una familia que busca comodidad, seguridad y espacios funcionales.<\/p>\n<h2 data-section-id=\"p7l55y\" data-start=\"314\" data-end=\"332\">CARACTER\u00cdSTICAS<\/h2>\n<p data-start=\"334\" data-end=\"457\">3 dormitorios | 2 ba\u00f1os completos | 1 ba\u00f1o social | \u00c1rea verde | Parqueadero para 2 veh\u00edculos peque\u00f1os o 1 veh\u00edculo grande.<\/p>\n<h2 data-section-id=\"1ka0k44\" data-start=\"459\" data-end=\"474\">DISTRIBUCI\u00d3N<\/h2>\n<p data-start=\"476\" data-end=\"594\">Sala | comedor | cocina con desayunador, encimera a gas y extractor de olores | ba\u00f1o social | lavander\u00eda | \u00e1rea verde.<\/p>\n<p data-start=\"596\" data-end=\"677\">La entrada dispone de un elegante mueble con iluminaci\u00f3n LED y espejo decorativo.<\/p>\n<h2 data-section-id=\"1xxkuec\" data-start=\"679\" data-end=\"693\">DORMITORIOS<\/h2>\n<p data-start=\"695\" data-end=\"815\">Dormitorio m\u00e1ster con mueble para TV, espejo con iluminaci\u00f3n LED y ba\u00f1o privado equipado con puertas de vidrio templado.<\/p>\n<p data-start=\"817\" data-end=\"947\">Dos dormitorios para hijos, cada uno con escritorio. Ambos comparten un ba\u00f1o completo con espejo LED y puertas de vidrio templado.<\/p>\n<h2 data-section-id=\"1epji20\" data-start=\"949\" data-end=\"964\">EQUIPAMIENTO<\/h2>\n<p data-start=\"966\" data-end=\"1035\">Cortinas | l\u00e1mparas | calef\u00f3n | encimera a gas | extractor de olores.<\/p>\n<h2 data-section-id=\"oes5jv\" data-start=\"1037\" data-end=\"1049\">SEGURIDAD<\/h2>\n<p data-start=\"1051\" data-end=\"1119\">Intercomunicador con pantalla | cerca el\u00e9ctrica | sistema de alarma.<\/p>\n<h2 data-section-id=\"168jxtv\" data-start=\"1121\" data-end=\"1131\">MASCOTA<\/h2>\n<p data-start=\"1133\" data-end=\"1174\">Se acepta \u00fanicamente una mascota peque\u00f1a.<\/p>\n<h2 data-section-id=\"qjuweq\" data-start=\"1176\" data-end=\"1190\">CONT\u00c1CTENOS<\/h2>\n<p data-start=\"1192\" data-end=\"1368\" data-is-last-node=\"\" data-is-only-node=\"\"><strong data-start=\"1192\" data-end=\"1214\">D\u2019Casa Real Estate<\/strong><br data-start=\"1214\" data-end=\"1217\" \/><strong data-start=\"1217\" data-end=\"1230\">Tel\u00e9fono:<\/strong> 099 869 4960<br data-start=\"1243\" data-end=\"1246\" \/><strong data-start=\"1246\" data-end=\"1259\">Oficinas:<\/strong> Av. Ord\u00f3\u00f1ez Lasso y Los \u00c1lamos, esquina<br data-start=\"1299\" data-end=\"1302\" \/><a class=\"decorated-link\" href=\"https:\/\/www.dcasainmobiliaria.com\" target=\"_new\" rel=\"noopener\" data-start=\"1302\" data-end=\"1368\" data-is-last-node=\"\"><strong data-start=\"1303\" data-end=\"1332\">www.dcasainmobiliaria.com<\/strong><\/a><\/p>\n<\/div>\n<\/div>\n<\/div>\n<\/div>\n<div class=\"z-0 flex min-h-[46px] justify-start\"><\/div>\n<div class=\"mt-3 w-full empty:hidden has-[&gt;_:empty]:hidden\">\n<div class=\"text-center\"><\/div>\n<\/div>\n<\/div>\n<div class=\"[--thread-content-max-width:40rem] @w-lg\/main:[--thread-content-max-width:48rem] mx-auto max-w-(--thread-content-max-width) flex-1\" data-conversation-screenshot-content=\"\">\n<div><\/div>\n<\/div>\n<\/div>\n<\/section>\n<\/div>\n<\/div>\n<div class=\"pointer-events-none -mt-px h-px translate-y-(--scroll-root-safe-area-inset-bottom)\" aria-hidden=\"true\"><\/div>\n","protected":false},"excerpt":{"rendered":"<p>CASA POR ESTRENAR EN ARRIENDO \u2013 SECTOR EL TEJAR, CUENCA PRECIO: $575 MENSUALES Contrato m\u00ednimo de 1 a\u00f1o | Garant\u00eda del mismo valor del canon Moderna casa por estrenar, equipada con cortinas, l\u00e1mparas y excelentes acabados. Ideal para una familia que busca comodidad, seguridad y espacios funcionales. CARACTER\u00cdSTICAS 3 dormitorios | 2 ba\u00f1os completos | [&hellip;]<\/p>\n","protected":false},"author":1,"featured_media":55754,"parent":0,"menu_order":0,"template":"","property_type":[51],"property_status":[22],"property_feature":[99,100,102,341,114,54,268,82,89,103,181,26,313,112,186,101],"property_label":[429,80],"property_city":[37,137],"property_area":[76,163],"property_state":[65],"class_list":["post-55753","property","type-property","status-publish","has-post-thumbnail","hentry","property_type-casas","property_status-arriendos","property_feature-agua-potable","property_feature-alcantarillado","property_feature-alumbrado-publico","property_feature-areas-verdes","property_feature-bbq","property_feature-cortinas","property_feature-encimera-a-gas","property_feature-extractor-de-olores","property_feature-full-obras","property_feature-gas-centralizado","property_feature-hermosa-vista","property_feature-lavanderia","property_feature-luz-electrica","property_feature-puerta-electrica","property_feature-sector-residencial","property_feature-veredas","property_label-alcantarillado","property_label-sin-amoblar","property_city-cuenca","property_city-parroquia-san-sebastian","property_area-cuenca-sur-oeste","property_area-el-tejar","property_state-azuay"],"_links":{"self":[{"href":"https:\/\/dcasainmobiliaria.com\/index.php\/wp-json\/wp\/v2\/properties\/55753","targetHints":{"allow":["GET"]}}],"collection":[{"href":"https:\/\/dcasainmobiliaria.com\/index.php\/wp-json\/wp\/v2\/properties"}],"about":[{"href":"https:\/\/dcasainmobiliaria.com\/index.php\/wp-json\/wp\/v2\/types\/property"}],"author":[{"embeddable":true,"href":"https:\/\/dcasainmobiliaria.com\/index.php\/wp-json\/wp\/v2\/users\/1"}],"version-history":[{"count":1,"href":"https:\/\/dcasainmobiliaria.com\/index.php\/wp-json\/wp\/v2\/properties\/55753\/revisions"}],"predecessor-version":[{"id":55776,"href":"https:\/\/dcasainmobiliaria.com\/index.php\/wp-json\/wp\/v2\/properties\/55753\/revisions\/55776"}],"wp:featuredmedia":[{"embeddable":true,"href":"https:\/\/dcasainmobiliaria.com\/index.php\/wp-json\/wp\/v2\/media\/55754"}],"wp:attachment":[{"href":"https:\/\/dcasainmobiliaria.com\/index.php\/wp-json\/wp\/v2\/media?parent=55753"}],"wp:term":[{"taxonomy":"property_type","embeddable":true,"href":"https:\/\/dcasainmobiliaria.com\/index.php\/wp-json\/wp\/v2\/property_type?post=55753"},{"taxonomy":"property_status","embeddable":true,"href":"https:\/\/dcasainmobiliaria.com\/index.php\/wp-json\/wp\/v2\/property_status?post=55753"},{"taxonomy":"property_feature","embeddable":true,"href":"https:\/\/dcasainmobiliaria.com\/index.php\/wp-json\/wp\/v2\/property_feature?post=55753"},{"taxonomy":"property_label","embeddable":true,"href":"https:\/\/dcasainmobiliaria.com\/index.php\/wp-json\/wp\/v2\/property_label?post=55753"},{"taxonomy":"property_city","embeddable":true,"href":"https:\/\/dcasainmobiliaria.com\/index.php\/wp-json\/wp\/v2\/property_city?post=55753"},{"taxonomy":"property_area","embeddable":true,"href":"https:\/\/dcasainmobiliaria.com\/index.php\/wp-json\/wp\/v2\/property_area?post=55753"},{"taxonomy":"property_state","embeddable":true,"href":"https:\/\/dcasainmobiliaria.com\/index.php\/wp-json\/wp\/v2\/property_state?post=55753"}],"curies":[{"name":"wp","href":"https:\/\/api.w.org\/{rel}","templated":true}]}}