{"id":55777,"date":"2026-09-01T22:37:20","date_gmt":"2026-09-02T03:37:20","guid":{"rendered":"https:\/\/dcasainmobiliaria.com\/?post_type=property&#038;p=55777"},"modified":"2026-09-01T22:45:59","modified_gmt":"2026-09-02T03:45:59","slug":"duplex-en-arriendo-av-solano-cuenca","status":"publish","type":"property","link":"https:\/\/dcasainmobiliaria.com\/index.php\/property\/duplex-en-arriendo-av-solano-cuenca\/","title":{"rendered":"D\u00daPLEX EN ARRIENDO \u2013 AV. SOLANO, CUENCA"},"content":{"rendered":"<h1 class=\"PDq2pG_selectionAnchorContainer\" data-section-id=\"34avv7\" data-start=\"0\" data-end=\"41\">D\u00daPLEX EN ARRIENDO \u2013 AV. SOLANO, CUENCA<\/h1>\n<h2 data-section-id=\"nq6px8\" data-start=\"43\" data-end=\"103\">PRECIO: $1.500 MENSUALES | INCLUYE \u00daNICAMENTE LA AL\u00cdCUOTA<\/h2>\n<p data-start=\"105\" data-end=\"185\"><strong data-start=\"105\" data-end=\"125\">Contrato m\u00ednimo:<\/strong> 1 a\u00f1o<br data-start=\"131\" data-end=\"134\" \/><strong data-start=\"134\" data-end=\"147\">Garant\u00eda:<\/strong> $1.500, equivalente a un mes de renta<\/p>\n<p data-start=\"187\" data-end=\"451\">Exclusivo d\u00faplex ubicado en la Av. Solano, uno de los sectores residenciales m\u00e1s privilegiados de Cuenca. La propiedad se distingue por sus amplios espacios, excelente distribuci\u00f3n, terraza privada y una espectacular vista panor\u00e1mica de la ciudad y de la Catedral.<\/p>\n<h2 data-section-id=\"1ka0k44\" data-start=\"453\" data-end=\"468\">DISTRIBUCI\u00d3N<\/h2>\n<p data-start=\"470\" data-end=\"594\"><strong data-start=\"470\" data-end=\"487\">Sexta planta:<\/strong> sala | comedor | cocina con desayunador | ba\u00f1o social | lavander\u00eda amplia | dormitorio y ba\u00f1o de servicio.<\/p>\n<p data-start=\"596\" data-end=\"774\"><strong data-start=\"596\" data-end=\"615\">S\u00e9ptima planta:<\/strong> 3 dormitorios, cada uno con vestidor y ba\u00f1o privado | sala de televisi\u00f3n | terraza privada con \u00e1rea de barbacoa y hermosa vista de la ciudad y de la Catedral.<\/p>\n<h2 data-section-id=\"d05i3r\" data-start=\"776\" data-end=\"801\">SERVICIOS DEL EDIFICIO<\/h2>\n<p data-start=\"803\" data-end=\"902\">Guardian\u00eda privada | Ascensor | Generador el\u00e9ctrico | Gimnasio | Sala comunal | 2 garajes | Bodega.<\/p>\n<h2 data-section-id=\"p8qvla\" data-start=\"904\" data-end=\"916\">UBICACI\u00d3N<\/h2>\n<p data-start=\"918\" data-end=\"1155\">Ubicado estrat\u00e9gicamente en la Av. Solano, cerca de comercios, restaurantes, instituciones educativas, \u00e1reas recreativas y v\u00edas principales. Una excelente alternativa para quienes buscan comodidad, seguridad y una ubicaci\u00f3n privilegiada.<\/p>\n<h2 data-section-id=\"qjuweq\" data-start=\"1157\" data-end=\"1171\">CONT\u00c1CTENOS<\/h2>\n<p data-start=\"1173\" data-end=\"1309\" data-is-last-node=\"\" data-is-only-node=\"\"><strong data-start=\"1173\" data-end=\"1195\">D\u2019Casa Real Estate<\/strong><br data-start=\"1195\" data-end=\"1198\" \/><strong data-start=\"1198\" data-end=\"1229\">099 869 4960 | 099 861 4186<\/strong><br data-start=\"1229\" data-end=\"1232\" \/>Oficinas: Av. Ord\u00f3\u00f1ez Lasso y Los \u00c1lamos, esquina<br data-start=\"1281\" data-end=\"1284\" \/><a class=\"decorated-link cursor-pointer\" target=\"_new\" rel=\"noopener\" data-start=\"1284\" data-end=\"1309\" data-is-last-node=\"\">www.dcasainmobiliaria.com<\/a><\/p>\n","protected":false},"excerpt":{"rendered":"<p>D\u00daPLEX EN ARRIENDO \u2013 AV. SOLANO, CUENCA PRECIO: $1.500 MENSUALES | INCLUYE \u00daNICAMENTE LA AL\u00cdCUOTA Contrato m\u00ednimo: 1 a\u00f1oGarant\u00eda: $1.500, equivalente a un mes de renta Exclusivo d\u00faplex ubicado en la Av. Solano, uno de los sectores residenciales m\u00e1s privilegiados de Cuenca. La propiedad se distingue por sus amplios espacios, excelente distribuci\u00f3n, terraza privada y [&hellip;]<\/p>\n","protected":false},"author":1,"featured_media":55788,"parent":0,"menu_order":0,"template":"","property_type":[13],"property_status":[],"property_feature":[100,312,102,105,114,54,268,82,89,103,393,24,106,181,26,14,112,186,193],"property_label":[429,176,80,416,422,437],"property_city":[37,138],"property_area":[264,75],"property_state":[65],"class_list":["post-55777","property","type-property","status-publish","has-post-thumbnail","hentry","property_type-departamentos","property_feature-alcantarillado","property_feature-alicuota","property_feature-alumbrado-publico","property_feature-ascensor","property_feature-bbq","property_feature-cortinas","property_feature-encimera-a-gas","property_feature-extractor-de-olores","property_feature-full-obras","property_feature-gas-centralizado","property_feature-generador-electrico","property_feature-gimnasio","property_feature-guardiania-privada-24-7","property_feature-hermosa-vista","property_feature-lavanderia","property_feature-parrilla","property_feature-puerta-electrica","property_feature-sector-residencial","property_feature-terraza","property_label-alcantarillado","property_label-full-obras","property_label-sin-amoblar","property_label-terraza","property_label-vista-a-la-catedral","property_label-vista-a-la-ciudad","property_city-cuenca","property_city-parroquia-sucre","property_area-av-solano","property_area-cuenca-sur-este","property_state-azuay"],"_links":{"self":[{"href":"https:\/\/dcasainmobiliaria.com\/index.php\/wp-json\/wp\/v2\/properties\/55777","targetHints":{"allow":["GET"]}}],"collection":[{"href":"https:\/\/dcasainmobiliaria.com\/index.php\/wp-json\/wp\/v2\/properties"}],"about":[{"href":"https:\/\/dcasainmobiliaria.com\/index.php\/wp-json\/wp\/v2\/types\/property"}],"author":[{"embeddable":true,"href":"https:\/\/dcasainmobiliaria.com\/index.php\/wp-json\/wp\/v2\/users\/1"}],"version-history":[{"count":1,"href":"https:\/\/dcasainmobiliaria.com\/index.php\/wp-json\/wp\/v2\/properties\/55777\/revisions"}],"predecessor-version":[{"id":55799,"href":"https:\/\/dcasainmobiliaria.com\/index.php\/wp-json\/wp\/v2\/properties\/55777\/revisions\/55799"}],"wp:featuredmedia":[{"embeddable":true,"href":"https:\/\/dcasainmobiliaria.com\/index.php\/wp-json\/wp\/v2\/media\/55788"}],"wp:attachment":[{"href":"https:\/\/dcasainmobiliaria.com\/index.php\/wp-json\/wp\/v2\/media?parent=55777"}],"wp:term":[{"taxonomy":"property_type","embeddable":true,"href":"https:\/\/dcasainmobiliaria.com\/index.php\/wp-json\/wp\/v2\/property_type?post=55777"},{"taxonomy":"property_status","embeddable":true,"href":"https:\/\/dcasainmobiliaria.com\/index.php\/wp-json\/wp\/v2\/property_status?post=55777"},{"taxonomy":"property_feature","embeddable":true,"href":"https:\/\/dcasainmobiliaria.com\/index.php\/wp-json\/wp\/v2\/property_feature?post=55777"},{"taxonomy":"property_label","embeddable":true,"href":"https:\/\/dcasainmobiliaria.com\/index.php\/wp-json\/wp\/v2\/property_label?post=55777"},{"taxonomy":"property_city","embeddable":true,"href":"https:\/\/dcasainmobiliaria.com\/index.php\/wp-json\/wp\/v2\/property_city?post=55777"},{"taxonomy":"property_area","embeddable":true,"href":"https:\/\/dcasainmobiliaria.com\/index.php\/wp-json\/wp\/v2\/property_area?post=55777"},{"taxonomy":"property_state","embeddable":true,"href":"https:\/\/dcasainmobiliaria.com\/index.php\/wp-json\/wp\/v2\/property_state?post=55777"}],"curies":[{"name":"wp","href":"https:\/\/api.w.org\/{rel}","templated":true}]}}